{"id":1933,"date":"2025-04-16T13:37:55","date_gmt":"2025-04-16T13:37:55","guid":{"rendered":"https:\/\/www.greatirishgrasslands.ie\/grassland-site\/glengarriff-nature-reserve\/"},"modified":"2025-05-02T15:40:32","modified_gmt":"2025-05-02T15:40:32","slug":"glengarriff-nature-reserve","status":"publish","type":"grassland-site","link":"https:\/\/www.greatirishgrasslands.ie\/ga\/grassland-site\/glengarriff-nature-reserve\/","title":{"rendered":"Anaclann D\u00falra an Ghleanna Ghairbh"},"content":{"rendered":"\n<p>Is oile\u00e1n f\u00e9arthalamh \u00e9 \u2018M\u00f3in\u00e9ar M\u00f3r\u2019 i l\u00e1r Anaclann D\u00falra an Ghleanna Ghairbh (301 ha) at\u00e1 beagnach go hioml\u00e1n faoi choillte. Cuireann s\u00e9 leis an \u00e9ags\u00falacht, agus t\u00e1 c\u00f3na\u00ed ar go leor inveirteabrach ann. N\u00ed dhearnadh treabhadh, athsh\u00edol n\u00f3 toirchi\u00fa ar an limist\u00e9ar le cuimhne na ndaoine, ach t\u00e1 s\u00e9 innilte go h\u00e9adrom san fh\u00f3mhar ag eallach le blianta fada.<\/p>\n\n\n\n<p>Tugann an stair fhada seo de bhainist\u00edocht \u00edseald\u00e9ine carachtar speisialta don fh\u00e9arthailte. T\u00e1 go leor nead seang\u00e1in ann (f\u00e9ach an grianghraf ar chl\u00e9), a chrutha\u00edonn a micrea-aer\u00e1id f\u00e9in, a gcnap\u00e1in f\u00e9aracha beag\u00e1n n\u00edos teo agus n\u00edos tirime n\u00e1 an f\u00e1sra m\u00e1guaird. Is f\u00e9idir go bhfuil cuid de na nead seang\u00e1in seo os cionn 100 bliain d\u2019aois. Gn\u00e9 shuntasach eile is ea na str\u00e1ic\u00ed d\u2019Odhrach Bhallach, le go leor bl\u00e1thanna corcra-gorma ag deireadh an tsamhraidh. Fi\u00fa i m\u00ed Mhe\u00e1n F\u00f3mhair, t\u00e1 an f\u00e9arthalamh beo br\u00edomhar, mar go mealltar pailneoir\u00ed de go leor cine\u00e1lacha chuig an bhfoinse d\u00e9anach pailine seo. Is \u00e9 Odhrach Bhallach freisin an planda bia den Fhritile\u00e1n Riasc annamh, agus feictear na f\u00e9ileac\u00e1in dheasa seo ag eitilt anseo i m\u00ed an Mheithimh, in \u00e9ineacht le speicis eile cos\u00fail le Donn\u00f3g F\u00e9ir agus F\u00e1inneog. Go luath sa samhradh t\u00e1 go leor Magairl\u00edn\u00ed Fraochmh\u00e1 le Spota\u00ed, le feice\u00e1il go h\u00e9asca \u00f3n gcos\u00e1n a ritheann feadh imeall an mh\u00f3in\u00e9ir. T\u00e1 codanna eile den fh\u00e9arthailte aig\u00e9adach go leor le loig tais, paist\u00ed luachra agus dos\u00f3ga d\u2019Fh\u00e9ar Corcra.<\/p>\n\n\n\n<p><br><\/p>\n\n\n\n<p><\/p>\n","protected":false},"featured_media":0,"template":"","meta":{"_acf_changed":false,"_uag_custom_page_level_css":"","site-sidebar-layout":"default","site-content-layout":"","ast-site-content-layout":"default","site-content-style":"default","site-sidebar-style":"default","ast-global-header-display":"","ast-banner-title-visibility":"","ast-main-header-display":"","ast-hfb-above-header-display":"","ast-hfb-below-header-display":"","ast-hfb-mobile-header-display":"","site-post-title":"","ast-breadcrumbs-content":"","ast-featured-img":"","footer-sml-layout":"","ast-disable-related-posts":"","theme-transparent-header-meta":"default","adv-header-id-meta":"","stick-header-meta":"default","header-above-stick-meta":"","header-main-stick-meta":"","header-below-stick-meta":"","astra-migrate-meta-layouts":"set","ast-page-background-enabled":"default","ast-page-background-meta":{"desktop":{"background-color":"var(--ast-global-color-4)","background-image":"","background-repeat":"repeat","background-position":"center center","background-size":"auto","background-attachment":"scroll","background-type":"","background-media":"","overlay-type":"","overlay-color":"","overlay-opacity":"","overlay-gradient":""},"tablet":{"background-color":"","background-image":"","background-repeat":"repeat","background-position":"center center","background-size":"auto","background-attachment":"scroll","background-type":"","background-media":"","overlay-type":"","overlay-color":"","overlay-opacity":"","overlay-gradient":""},"mobile":{"background-color":"","background-image":"","background-repeat":"repeat","background-position":"center center","background-size":"auto","background-attachment":"scroll","background-type":"","background-media":"","overlay-type":"","overlay-color":"","overlay-opacity":"","overlay-gradient":""}},"ast-content-background-meta":{"desktop":{"background-color":"var(--ast-global-color-5)","background-image":"","background-repeat":"repeat","background-position":"center center","background-size":"auto","background-attachment":"scroll","background-type":"","background-media":"","overlay-type":"","overlay-color":"","overlay-opacity":"","overlay-gradient":""},"tablet":{"background-color":"var(--ast-global-color-5)","background-image":"","background-repeat":"repeat","background-position":"center center","background-size":"auto","background-attachment":"scroll","background-type":"","background-media":"","overlay-type":"","overlay-color":"","overlay-opacity":"","overlay-gradient":""},"mobile":{"background-color":"var(--ast-global-color-5)","background-image":"","background-repeat":"repeat","background-position":"center center","background-size":"auto","background-attachment":"scroll","background-type":"","background-media":"","overlay-type":"","overlay-color":"","overlay-opacity":"","overlay-gradient":""}},"pgc_sgb_lightbox_settings":""},"class_list":["post-1933","grassland-site","type-grassland-site","status-publish","hentry"],"acf":[],"yoast_head":"<!-- This site is optimized with the Yoast SEO plugin v27.5 - https:\/\/yoast.com\/product\/yoast-seo-wordpress\/ -->\n<title>Anaclann D\u00falra an Ghleanna Ghairbh - Great Irish Grasslands<\/title>\n<meta name=\"robots\" content=\"index, follow, max-snippet:-1, max-image-preview:large, max-video-preview:-1\" \/>\n<link rel=\"canonical\" href=\"https:\/\/www.greatirishgrasslands.ie\/ga\/grassland-site\/glengarriff-nature-reserve\/\" \/>\n<meta property=\"og:locale\" content=\"ga_IE\" \/>\n<meta property=\"og:type\" content=\"article\" \/>\n<meta property=\"og:title\" content=\"Anaclann D\u00falra an Ghleanna Ghairbh - Great Irish Grasslands\" \/>\n<meta property=\"og:description\" content=\"Is oile\u00e1n f\u00e9arthalamh \u00e9 \u2018M\u00f3in\u00e9ar M\u00f3r\u2019 i l\u00e1r Anaclann D\u00falra an Ghleanna Ghairbh (301 ha) at\u00e1 beagnach go hioml\u00e1n faoi choillte. Cuireann s\u00e9 leis an \u00e9ags\u00falacht, agus t\u00e1 c\u00f3na\u00ed ar go leor inveirteabrach ann. N\u00ed dhearnadh treabhadh, athsh\u00edol n\u00f3 toirchi\u00fa ar an limist\u00e9ar le cuimhne na ndaoine, ach t\u00e1 s\u00e9 innilte go h\u00e9adrom san fh\u00f3mhar [&hellip;]\" \/>\n<meta property=\"og:url\" content=\"https:\/\/www.greatirishgrasslands.ie\/ga\/grassland-site\/glengarriff-nature-reserve\/\" \/>\n<meta property=\"og:site_name\" content=\"Great Irish Grasslands\" \/>\n<meta property=\"article:modified_time\" content=\"2025-05-02T15:40:32+00:00\" \/>\n<meta name=\"twitter:card\" content=\"summary_large_image\" \/>\n<meta name=\"twitter:site\" content=\"@GrasslandsIrl\" \/>\n<meta name=\"twitter:label1\" content=\"Est. reading time\" \/>\n\t<meta name=\"twitter:data1\" content=\"2 minutes\" \/>\n<script type=\"application\/ld+json\" class=\"yoast-schema-graph\">{\"@context\":\"https:\\\/\\\/schema.org\",\"@graph\":[{\"@type\":\"WebPage\",\"@id\":\"https:\\\/\\\/www.greatirishgrasslands.ie\\\/ga\\\/grassland-site\\\/glengarriff-nature-reserve\\\/\",\"url\":\"https:\\\/\\\/www.greatirishgrasslands.ie\\\/ga\\\/grassland-site\\\/glengarriff-nature-reserve\\\/\",\"name\":\"Anaclann D\u00falra an Ghleanna Ghairbh - Great Irish Grasslands\",\"isPartOf\":{\"@id\":\"https:\\\/\\\/www.greatirishgrasslands.ie\\\/ga\\\/#website\"},\"datePublished\":\"2025-04-16T13:37:55+00:00\",\"dateModified\":\"2025-05-02T15:40:32+00:00\",\"breadcrumb\":{\"@id\":\"https:\\\/\\\/www.greatirishgrasslands.ie\\\/ga\\\/grassland-site\\\/glengarriff-nature-reserve\\\/#breadcrumb\"},\"inLanguage\":\"ga-IE\",\"potentialAction\":[{\"@type\":\"ReadAction\",\"target\":[\"https:\\\/\\\/www.greatirishgrasslands.ie\\\/ga\\\/grassland-site\\\/glengarriff-nature-reserve\\\/\"]}]},{\"@type\":\"BreadcrumbList\",\"@id\":\"https:\\\/\\\/www.greatirishgrasslands.ie\\\/ga\\\/grassland-site\\\/glengarriff-nature-reserve\\\/#breadcrumb\",\"itemListElement\":[{\"@type\":\"ListItem\",\"position\":1,\"name\":\"Home\",\"item\":\"https:\\\/\\\/www.greatirishgrasslands.ie\\\/ga\\\/\"},{\"@type\":\"ListItem\",\"position\":2,\"name\":\"Anaclann D\u00falra an Ghleanna Ghairbh\"}]},{\"@type\":\"WebSite\",\"@id\":\"https:\\\/\\\/www.greatirishgrasslands.ie\\\/ga\\\/#website\",\"url\":\"https:\\\/\\\/www.greatirishgrasslands.ie\\\/ga\\\/\",\"name\":\"Great Irish Grasslands\",\"description\":\"\",\"publisher\":{\"@id\":\"https:\\\/\\\/www.greatirishgrasslands.ie\\\/ga\\\/#organization\"},\"potentialAction\":[{\"@type\":\"SearchAction\",\"target\":{\"@type\":\"EntryPoint\",\"urlTemplate\":\"https:\\\/\\\/www.greatirishgrasslands.ie\\\/ga\\\/?s={search_term_string}\"},\"query-input\":{\"@type\":\"PropertyValueSpecification\",\"valueRequired\":true,\"valueName\":\"search_term_string\"}}],\"inLanguage\":\"ga-IE\"},{\"@type\":\"Organization\",\"@id\":\"https:\\\/\\\/www.greatirishgrasslands.ie\\\/ga\\\/#organization\",\"name\":\"Department of Housing, Local Government and Heritage\",\"url\":\"https:\\\/\\\/www.greatirishgrasslands.ie\\\/ga\\\/\",\"logo\":{\"@type\":\"ImageObject\",\"inLanguage\":\"ga-IE\",\"@id\":\"https:\\\/\\\/www.greatirishgrasslands.ie\\\/ga\\\/#\\\/schema\\\/logo\\\/image\\\/\",\"url\":\"https:\\\/\\\/www.greatirishgrasslands.ie\\\/wp-content\\\/uploads\\\/2022\\\/08\\\/GreatIrishGrasslands.png\",\"contentUrl\":\"https:\\\/\\\/www.greatirishgrasslands.ie\\\/wp-content\\\/uploads\\\/2022\\\/08\\\/GreatIrishGrasslands.png\",\"width\":945,\"height\":945,\"caption\":\"Department of Housing, Local Government and Heritage\"},\"image\":{\"@id\":\"https:\\\/\\\/www.greatirishgrasslands.ie\\\/ga\\\/#\\\/schema\\\/logo\\\/image\\\/\"},\"sameAs\":[\"https:\\\/\\\/x.com\\\/GrasslandsIrl\",\"https:\\\/\\\/www.youtube.com\\\/watch?v=LciwCxv7khk&list=PLWta3HlsVdFaNJRQJCwtd3qfuu-nq9zD4\"]}]}<\/script>\n<!-- \/ Yoast SEO plugin. -->","yoast_head_json":{"title":"Anaclann D\u00falra an Ghleanna Ghairbh - Great Irish Grasslands","robots":{"index":"index","follow":"follow","max-snippet":"max-snippet:-1","max-image-preview":"max-image-preview:large","max-video-preview":"max-video-preview:-1"},"canonical":"https:\/\/www.greatirishgrasslands.ie\/ga\/grassland-site\/glengarriff-nature-reserve\/","og_locale":"ga_IE","og_type":"article","og_title":"Anaclann D\u00falra an Ghleanna Ghairbh - Great Irish Grasslands","og_description":"Is oile\u00e1n f\u00e9arthalamh \u00e9 \u2018M\u00f3in\u00e9ar M\u00f3r\u2019 i l\u00e1r Anaclann D\u00falra an Ghleanna Ghairbh (301 ha) at\u00e1 beagnach go hioml\u00e1n faoi choillte. Cuireann s\u00e9 leis an \u00e9ags\u00falacht, agus t\u00e1 c\u00f3na\u00ed ar go leor inveirteabrach ann. N\u00ed dhearnadh treabhadh, athsh\u00edol n\u00f3 toirchi\u00fa ar an limist\u00e9ar le cuimhne na ndaoine, ach t\u00e1 s\u00e9 innilte go h\u00e9adrom san fh\u00f3mhar [&hellip;]","og_url":"https:\/\/www.greatirishgrasslands.ie\/ga\/grassland-site\/glengarriff-nature-reserve\/","og_site_name":"Great Irish Grasslands","article_modified_time":"2025-05-02T15:40:32+00:00","twitter_card":"summary_large_image","twitter_site":"@GrasslandsIrl","twitter_misc":{"Est. reading time":"2 minutes"},"schema":{"@context":"https:\/\/schema.org","@graph":[{"@type":"WebPage","@id":"https:\/\/www.greatirishgrasslands.ie\/ga\/grassland-site\/glengarriff-nature-reserve\/","url":"https:\/\/www.greatirishgrasslands.ie\/ga\/grassland-site\/glengarriff-nature-reserve\/","name":"Anaclann D\u00falra an Ghleanna Ghairbh - Great Irish Grasslands","isPartOf":{"@id":"https:\/\/www.greatirishgrasslands.ie\/ga\/#website"},"datePublished":"2025-04-16T13:37:55+00:00","dateModified":"2025-05-02T15:40:32+00:00","breadcrumb":{"@id":"https:\/\/www.greatirishgrasslands.ie\/ga\/grassland-site\/glengarriff-nature-reserve\/#breadcrumb"},"inLanguage":"ga-IE","potentialAction":[{"@type":"ReadAction","target":["https:\/\/www.greatirishgrasslands.ie\/ga\/grassland-site\/glengarriff-nature-reserve\/"]}]},{"@type":"BreadcrumbList","@id":"https:\/\/www.greatirishgrasslands.ie\/ga\/grassland-site\/glengarriff-nature-reserve\/#breadcrumb","itemListElement":[{"@type":"ListItem","position":1,"name":"Home","item":"https:\/\/www.greatirishgrasslands.ie\/ga\/"},{"@type":"ListItem","position":2,"name":"Anaclann D\u00falra an Ghleanna Ghairbh"}]},{"@type":"WebSite","@id":"https:\/\/www.greatirishgrasslands.ie\/ga\/#website","url":"https:\/\/www.greatirishgrasslands.ie\/ga\/","name":"Great Irish Grasslands","description":"","publisher":{"@id":"https:\/\/www.greatirishgrasslands.ie\/ga\/#organization"},"potentialAction":[{"@type":"SearchAction","target":{"@type":"EntryPoint","urlTemplate":"https:\/\/www.greatirishgrasslands.ie\/ga\/?s={search_term_string}"},"query-input":{"@type":"PropertyValueSpecification","valueRequired":true,"valueName":"search_term_string"}}],"inLanguage":"ga-IE"},{"@type":"Organization","@id":"https:\/\/www.greatirishgrasslands.ie\/ga\/#organization","name":"Department of Housing, Local Government and Heritage","url":"https:\/\/www.greatirishgrasslands.ie\/ga\/","logo":{"@type":"ImageObject","inLanguage":"ga-IE","@id":"https:\/\/www.greatirishgrasslands.ie\/ga\/#\/schema\/logo\/image\/","url":"https:\/\/www.greatirishgrasslands.ie\/wp-content\/uploads\/2022\/08\/GreatIrishGrasslands.png","contentUrl":"https:\/\/www.greatirishgrasslands.ie\/wp-content\/uploads\/2022\/08\/GreatIrishGrasslands.png","width":945,"height":945,"caption":"Department of Housing, Local Government and Heritage"},"image":{"@id":"https:\/\/www.greatirishgrasslands.ie\/ga\/#\/schema\/logo\/image\/"},"sameAs":["https:\/\/x.com\/GrasslandsIrl","https:\/\/www.youtube.com\/watch?v=LciwCxv7khk&list=PLWta3HlsVdFaNJRQJCwtd3qfuu-nq9zD4"]}]}},"spectra_custom_meta":{"_wpml_word_count":["260"],"site_image":["1644"],"_site_image":["field_67ff88d45f698"],"post_text":["Sa bhf\u00e9arthalamh \u2018f\u00e9arach coille\u2019 sa Mh\u00f3in\u00e9ar M\u00f3r t\u00e1 teacht ar str\u00e1ic\u00ed d\u2019Odhrach Bhallach ag deireadh an tsamhraidh, go leor cnoic seang\u00e1n agus roinnt crann Darach maorga."],"_post_text":["field_67ff8497051f4"],"outward_link":[""],"_outward_link":["field_67ff84e6051f5"],"access":["T\u00e1 rochtain phoibl\u00ed air ar feadh na bliana (tr\u00ed 3km \u2018Conair Mh\u00f3in\u00e9ir Mh\u00f3ir\u2019, a thosa\u00edonn i bpr\u00edomhcharrchl\u00f3s an Anaclann D\u00falra)"],"_access":["field_67ff94c29aac0"],"size":["5 ha"],"_size":["field_67ff94ef9aac1"],"parking":["t\u00e1, t\u00e1 s\u00e9 saor in aisce"],"_parking":["field_67ff951a9aac2"],"cafe":["N\u00edl i gceist"],"_cafe":["field_67ff95259aac3"],"toilets":["n\u00edl (Sr\u00e1idbhaile an Ghleanna Ghairbh, 1 km ar shi\u00fal)"],"_toilets":["field_67ff95329aac4"],"owners":["Seirbh\u00eds P\u00e1irceanna N\u00e1isi\u00fanta agus Fiadh\u00falra (SPNF)"],"_owners":["field_67ff95439aac5"],"_wpml_media_has_media":["1"],"cmplz_hide_cookiebanner":[""],"site-sidebar-layout":["default"],"ast-site-content-layout":["default"],"site-content-style":["default"],"site-sidebar-style":["default"],"theme-transparent-header-meta":["default"],"stick-header-meta":["default"],"_yoast_wpseo_estimated-reading-time-minutes":["2"],"site_type":["public"],"_site_type":["field_67ffb990d02c0"],"associated_map_pin":["1609"],"_associated_map_pin":["field_67ffb908f9c3f"],"astra-migrate-meta-layouts":["set"],"_wpml_location_migration_done":["1"],"_yoast_wpseo_content_score":["30"],"_uag_custom_page_level_css":[""],"site-content-layout":[""],"ast-global-header-display":[""],"ast-banner-title-visibility":[""],"ast-main-header-display":[""],"ast-hfb-above-header-display":[""],"ast-hfb-below-header-display":[""],"ast-hfb-mobile-header-display":[""],"site-post-title":[""],"ast-breadcrumbs-content":[""],"ast-featured-img":[""],"footer-sml-layout":[""],"adv-header-id-meta":[""],"header-above-stick-meta":[""],"header-main-stick-meta":[""],"header-below-stick-meta":[""],"ast-page-background-enabled":["default"],"ast-page-background-meta":["a:3:{s:7:\"desktop\";a:12:{s:16:\"background-color\";s:25:\"var(--ast-global-color-4)\";s:16:\"background-image\";s:0:\"\";s:17:\"background-repeat\";s:6:\"repeat\";s:19:\"background-position\";s:13:\"center center\";s:15:\"background-size\";s:4:\"auto\";s:21:\"background-attachment\";s:6:\"scroll\";s:15:\"background-type\";s:0:\"\";s:16:\"background-media\";s:0:\"\";s:12:\"overlay-type\";s:0:\"\";s:13:\"overlay-color\";s:0:\"\";s:15:\"overlay-opacity\";s:0:\"\";s:16:\"overlay-gradient\";s:0:\"\";}s:6:\"tablet\";a:12:{s:16:\"background-color\";s:0:\"\";s:16:\"background-image\";s:0:\"\";s:17:\"background-repeat\";s:6:\"repeat\";s:19:\"background-position\";s:13:\"center center\";s:15:\"background-size\";s:4:\"auto\";s:21:\"background-attachment\";s:6:\"scroll\";s:15:\"background-type\";s:0:\"\";s:16:\"background-media\";s:0:\"\";s:12:\"overlay-type\";s:0:\"\";s:13:\"overlay-color\";s:0:\"\";s:15:\"overlay-opacity\";s:0:\"\";s:16:\"overlay-gradient\";s:0:\"\";}s:6:\"mobile\";a:12:{s:16:\"background-color\";s:0:\"\";s:16:\"background-image\";s:0:\"\";s:17:\"background-repeat\";s:6:\"repeat\";s:19:\"background-position\";s:13:\"center center\";s:15:\"background-size\";s:4:\"auto\";s:21:\"background-attachment\";s:6:\"scroll\";s:15:\"background-type\";s:0:\"\";s:16:\"background-media\";s:0:\"\";s:12:\"overlay-type\";s:0:\"\";s:13:\"overlay-color\";s:0:\"\";s:15:\"overlay-opacity\";s:0:\"\";s:16:\"overlay-gradient\";s:0:\"\";}}"],"ast-content-background-meta":["a:3:{s:7:\"desktop\";a:12:{s:16:\"background-color\";s:25:\"var(--ast-global-color-5)\";s:16:\"background-image\";s:0:\"\";s:17:\"background-repeat\";s:6:\"repeat\";s:19:\"background-position\";s:13:\"center center\";s:15:\"background-size\";s:4:\"auto\";s:21:\"background-attachment\";s:6:\"scroll\";s:15:\"background-type\";s:0:\"\";s:16:\"background-media\";s:0:\"\";s:12:\"overlay-type\";s:0:\"\";s:13:\"overlay-color\";s:0:\"\";s:15:\"overlay-opacity\";s:0:\"\";s:16:\"overlay-gradient\";s:0:\"\";}s:6:\"tablet\";a:12:{s:16:\"background-color\";s:25:\"var(--ast-global-color-5)\";s:16:\"background-image\";s:0:\"\";s:17:\"background-repeat\";s:6:\"repeat\";s:19:\"background-position\";s:13:\"center center\";s:15:\"background-size\";s:4:\"auto\";s:21:\"background-attachment\";s:6:\"scroll\";s:15:\"background-type\";s:0:\"\";s:16:\"background-media\";s:0:\"\";s:12:\"overlay-type\";s:0:\"\";s:13:\"overlay-color\";s:0:\"\";s:15:\"overlay-opacity\";s:0:\"\";s:16:\"overlay-gradient\";s:0:\"\";}s:6:\"mobile\";a:12:{s:16:\"background-color\";s:25:\"var(--ast-global-color-5)\";s:16:\"background-image\";s:0:\"\";s:17:\"background-repeat\";s:6:\"repeat\";s:19:\"background-position\";s:13:\"center center\";s:15:\"background-size\";s:4:\"auto\";s:21:\"background-attachment\";s:6:\"scroll\";s:15:\"background-type\";s:0:\"\";s:16:\"background-media\";s:0:\"\";s:12:\"overlay-type\";s:0:\"\";s:13:\"overlay-color\";s:0:\"\";s:15:\"overlay-opacity\";s:0:\"\";s:16:\"overlay-gradient\";s:0:\"\";}}"],"pgc_sgb_lightbox_settings":[""],"where_to_find_out_more":["1"],"_where_to_find_out_more":["field_680b7437dfbd9"],"management":["B\u00edonn an f\u00e9arach \u00e1 innilt \u00f3 dheireadh an tsamhraidh go dt\u00ed an geimhreadh ag tr\u00e9ad beag org\u00e1nach d\u2019eallach Chiarra\u00ed. M\u00e1 thosa\u00edonn scrobarnach ag cur isteach air, d\u00e9antar \u00e9 a ghearradh. Uaireanta d\u00e9antar barr na limist\u00e9ar a bhfuil luachra a ghearradh."],"_management":["field_680f9c9fe659d"],"where_to_find_out_more_0_link_text":["Anaclann D\u00falra an Ghleanna Ghairb- Activities Page"],"_where_to_find_out_more_0_link_text":["field_680b7536d1dba"],"where_to_find_out_more_0_link_item":["https:\/\/www.glengarriffnaturereserve.ie\/activities\/"],"_where_to_find_out_more_0_link_item":["field_680b74c6dfbda"],"_edit_lock":["1746200434:4"],"_last_translation_edit_mode":["native-editor"],"_edit_last":["4"],"_wpml_media_duplicate":["1"],"_wpml_media_featured":["1"],"_uag_css_file_name":["uag-css-1933.css"],"_uagb_previous_block_counts":["a:90:{s:21:\"uagb\/advanced-heading\";i:0;s:15:\"uagb\/blockquote\";i:0;s:12:\"uagb\/buttons\";i:0;s:18:\"uagb\/buttons-child\";i:0;s:19:\"uagb\/call-to-action\";i:0;s:15:\"uagb\/cf7-styler\";i:0;s:11:\"uagb\/column\";i:0;s:12:\"uagb\/columns\";i:0;s:14:\"uagb\/container\";i:0;s:21:\"uagb\/content-timeline\";i:0;s:27:\"uagb\/content-timeline-child\";i:0;s:14:\"uagb\/countdown\";i:0;s:12:\"uagb\/counter\";i:0;s:8:\"uagb\/faq\";i:0;s:14:\"uagb\/faq-child\";i:0;s:10:\"uagb\/forms\";i:0;s:17:\"uagb\/forms-accept\";i:0;s:19:\"uagb\/forms-checkbox\";i:0;s:15:\"uagb\/forms-date\";i:0;s:16:\"uagb\/forms-email\";i:0;s:17:\"uagb\/forms-hidden\";i:0;s:15:\"uagb\/forms-name\";i:0;s:16:\"uagb\/forms-phone\";i:0;s:16:\"uagb\/forms-radio\";i:0;s:17:\"uagb\/forms-select\";i:0;s:19:\"uagb\/forms-textarea\";i:0;s:17:\"uagb\/forms-toggle\";i:0;s:14:\"uagb\/forms-url\";i:0;s:14:\"uagb\/gf-styler\";i:0;s:15:\"uagb\/google-map\";i:0;s:11:\"uagb\/how-to\";i:0;s:16:\"uagb\/how-to-step\";i:0;s:9:\"uagb\/icon\";i:0;s:14:\"uagb\/icon-list\";i:0;s:20:\"uagb\/icon-list-child\";i:0;s:10:\"uagb\/image\";i:0;s:18:\"uagb\/image-gallery\";i:0;s:13:\"uagb\/info-box\";i:0;s:18:\"uagb\/inline-notice\";i:0;s:11:\"uagb\/lottie\";i:0;s:21:\"uagb\/marketing-button\";i:0;s:10:\"uagb\/modal\";i:0;s:18:\"uagb\/popup-builder\";i:0;s:16:\"uagb\/post-button\";i:0;s:18:\"uagb\/post-carousel\";i:0;s:17:\"uagb\/post-excerpt\";i:0;s:14:\"uagb\/post-grid\";i:0;s:15:\"uagb\/post-image\";i:0;s:17:\"uagb\/post-masonry\";i:0;s:14:\"uagb\/post-meta\";i:0;s:18:\"uagb\/post-taxonomy\";i:0;s:18:\"uagb\/post-timeline\";i:0;s:15:\"uagb\/post-title\";i:0;s:20:\"uagb\/restaurant-menu\";i:0;s:26:\"uagb\/restaurant-menu-child\";i:0;s:11:\"uagb\/review\";i:0;s:12:\"uagb\/section\";i:0;s:14:\"uagb\/separator\";i:0;s:11:\"uagb\/slider\";i:0;s:17:\"uagb\/slider-child\";i:0;s:17:\"uagb\/social-share\";i:0;s:23:\"uagb\/social-share-child\";i:0;s:16:\"uagb\/star-rating\";i:0;s:23:\"uagb\/sure-cart-checkout\";i:0;s:22:\"uagb\/sure-cart-product\";i:0;s:15:\"uagb\/sure-forms\";i:0;s:22:\"uagb\/table-of-contents\";i:0;s:9:\"uagb\/tabs\";i:0;s:15:\"uagb\/tabs-child\";i:0;s:18:\"uagb\/taxonomy-list\";i:0;s:9:\"uagb\/team\";i:0;s:16:\"uagb\/testimonial\";i:0;s:14:\"uagb\/wp-search\";i:0;s:19:\"uagb\/instagram-feed\";i:0;s:10:\"uagb\/login\";i:0;s:17:\"uagb\/loop-builder\";i:0;s:18:\"uagb\/loop-category\";i:0;s:20:\"uagb\/loop-pagination\";i:0;s:15:\"uagb\/loop-reset\";i:0;s:16:\"uagb\/loop-search\";i:0;s:14:\"uagb\/loop-sort\";i:0;s:17:\"uagb\/loop-wrapper\";i:0;s:13:\"uagb\/register\";i:0;s:19:\"uagb\/register-email\";i:0;s:24:\"uagb\/register-first-name\";i:0;s:23:\"uagb\/register-last-name\";i:0;s:22:\"uagb\/register-password\";i:0;s:30:\"uagb\/register-reenter-password\";i:0;s:19:\"uagb\/register-terms\";i:0;s:22:\"uagb\/register-username\";i:0;}"],"_uag_page_assets":["a:9:{s:3:\"css\";s:0:\"\";s:2:\"js\";s:0:\"\";s:18:\"current_block_list\";a:8:{i:0;s:14:\"core\/paragraph\";i:1;s:11:\"core\/search\";i:2;s:10:\"core\/group\";i:3;s:12:\"core\/heading\";i:4;s:17:\"core\/latest-posts\";i:5;s:20:\"core\/latest-comments\";i:6;s:13:\"core\/archives\";i:7;s:15:\"core\/categories\";}s:8:\"uag_flag\";b:0;s:11:\"uag_version\";s:10:\"1777457883\";s:6:\"gfonts\";a:0:{}s:10:\"gfonts_url\";s:0:\"\";s:12:\"gfonts_files\";a:0:{}s:14:\"uag_faq_layout\";b:0;}"]},"uagb_featured_image_src":{"full":false,"thumbnail":false,"medium":false,"medium_large":false,"large":false,"1536x1536":false,"2048x2048":false},"uagb_author_info":{"display_name":"Tuguldur Batsaikhan","author_link":"https:\/\/www.greatirishgrasslands.ie\/ga\/author\/"},"uagb_comment_info":0,"uagb_excerpt":"Is oile\u00e1n f\u00e9arthalamh \u00e9 \u2018M\u00f3in\u00e9ar M\u00f3r\u2019 i l\u00e1r Anaclann D\u00falra an Ghleanna Ghairbh (301 ha) at\u00e1 beagnach go hioml\u00e1n faoi choillte. Cuireann s\u00e9 leis an \u00e9ags\u00falacht, agus t\u00e1 c\u00f3na\u00ed ar go leor inveirteabrach ann. N\u00ed dhearnadh treabhadh, athsh\u00edol n\u00f3 toirchi\u00fa ar an limist\u00e9ar le cuimhne na ndaoine, ach t\u00e1 s\u00e9 innilte go h\u00e9adrom san fh\u00f3mhar&hellip;","_links":{"self":[{"href":"https:\/\/www.greatirishgrasslands.ie\/ga\/wp-json\/wp\/v2\/grassland-site\/1933","targetHints":{"allow":["GET"]}}],"collection":[{"href":"https:\/\/www.greatirishgrasslands.ie\/ga\/wp-json\/wp\/v2\/grassland-site"}],"about":[{"href":"https:\/\/www.greatirishgrasslands.ie\/ga\/wp-json\/wp\/v2\/types\/grassland-site"}],"wp:attachment":[{"href":"https:\/\/www.greatirishgrasslands.ie\/ga\/wp-json\/wp\/v2\/media?parent=1933"}],"curies":[{"name":"wp","href":"https:\/\/api.w.org\/{rel}","templated":true}]}}